{"id":8806,"date":"2022-03-01T20:00:09","date_gmt":"2022-03-01T19:00:09","guid":{"rendered":"https:\/\/ad-dialoguesange.org\/?post_type=tribe_events&#038;p=8806"},"modified":"2025-05-05T10:52:39","modified_gmt":"2025-05-05T08:52:39","slug":"cercle-da-aurelie-chalbos-2022-09-23","status":"publish","type":"tribe_events","link":"https:\/\/ad-dialoguesange.org\/hu\/event\/cercle-da-aurelie-chalbos-2022-09-23\/","title":{"rendered":"Vide\u00f3k\u00f6r a \"Dialogues avec l'Ange\" (P\u00e1rbesz\u00e9dek az angyallal) c\u00edm\u0171 k\u00f6nyvr\u0151l"},"content":{"rendered":"<h1 style=\"text-align: center;\">Vide\u00f3k\u00f6r a \"Dialogues avec l'Ange\" (P\u00e1rbesz\u00e9dek az angyallal) c\u00edm\u0171 k\u00f6nyvr\u0151l<\/h1>\n<h5 style=\"text-align: center;\">H\u00e1zigazda:<\/h5>\n<h2 style=\"text-align: center;\">Aur\u00e9lie Chalbos<\/h2>\n<h4 style=\"text-align: center;\">2022. szeptember 23., p\u00e9ntek, 15.00 \u00f3rakor<\/h4>\n<h5 style=\"text-align: center;\">Videokonferencia \u00fatj\u00e1n a \"Zoom\" seg\u00edts\u00e9g\u00e9vel (vagy szem\u00e9lyesen a Cit\u00e9 des Consciences-ben).<\/h5>\n<p><em>az angyal v\u00e1laszol<\/em>A rem\u00e9ny \u00e9s a hit eme \u00fczenete \u00e9get\u0151 aktualit\u00e1ssal rezon\u00e1l az \u00e1tmenet idej\u00e9n. Olvas\u00f3k milli\u00f3i t\u00e1pl\u00e1lkoznak vil\u00e1gszerte\u00a0<em>az angyal v\u00e1laszol<\/em>22 nyelvre ford\u00edtott\u00e1k le.<\/p>\n<p>Egy t\u00e9ma k\u00f6r\u00e9 csoportos\u00edtva felv\u00e1ltva olvasnak fel r\u00e9szleteket a k\u00f6nyvb\u0151l, majd a k\u00e9rd\u00e9sek megoszt\u00e1sa \u00e9s a sz\u00f6vegnek az egyes szem\u00e9lyek saj\u00e1t tapasztalataival val\u00f3 \u00f6sszecseng\u00e9se k\u00f6vetkezik. Az angyalok tan\u00edt\u00e1sa \u00faj szemeket \u00e9s f\u00fcleket nyit meg, hozz\u00e1f\u00e9r\u00e9st biztos\u00edtva a benn\u00fcnk rejl\u0151 ismeretlenhez, az \u00daj Vil\u00e1g szolg\u00e1lat\u00e1ban, a bels\u0151 vezet\u0151nkkel val\u00f3 kapcsolat fel\u00e9breszt\u00e9se \u00e1ltal, hogy seg\u00edtsen benn\u00fcnket egyedi feladatunk teljes\u00edt\u00e9s\u00e9ben.<\/p>\n<p>Aur\u00e9lie Chalbos egy t\u00e1voktat\u00e1si foglalkoz\u00e1st fog vezetni, ahol minden r\u00e9sztvev\u0151 a saj\u00e1t sz\u00e1m\u00edt\u00f3g\u00e9p\u00e9r\u0151l, tabletj\u00e9r\u0151l vagy telefonj\u00e1r\u00f3l dolgozhat, hogy egy\u00e9nileg \u00e9s k\u00f6z\u00f6sen fedezz\u00e9k fel a Dial\u00f3gusok az angyalokkal spiritu\u00e1lis tan\u00edt\u00e1sait, \u00e9s azokat a mindennapokban meg\u00e9lj\u00e9k.<\/p>\n<p><em>Rendezv\u00e9ny videokonferenci\u00e1n kereszt\u00fcl a Zoomon kereszt\u00fcl vagy szem\u00e9lyesen a Cit\u00e9 des Consciences-ben - Ingyenes r\u00e9szv\u00e9tel a lelkiismeretess\u00e9gen kereszt\u00fcl<\/em><\/p>\n<h4>A \"P\u00e1rbesz\u00e9dek az angyallal\" c\u00edm\u0171 k\u00f6nyvr\u0151l<\/h4>\n<p><img loading=\"lazy\" decoding=\"async\" class=\"alignleft wp-image-44111\" src=\"https:\/\/acielouvert.tv\/wp-content\/uploads\/2021\/06\/dialogues-avec-ange-couverture-fr-184x300.jpeg\" alt=\"Dialogues avec l'Ange\" width=\"123\" height=\"200\" \/><\/p>\n<p><em>P\u00e1rbesz\u00e9dek az angyallal<\/em> a m\u00e1sodik vil\u00e1gh\u00e1bor\u00fa alatt n\u00e9gy magyar bar\u00e1t \u00e1ltal kapott spiritu\u00e1lis tan\u00edt\u00e1s \u00e1tirata. Tizenh\u00e9t h\u00f3napon kereszt\u00fcl, 1943 j\u00fanius\u00e1t\u00f3l 1944 november\u00e9ig, amikor a n\u00e1cik megsz\u00e1llt\u00e1k orsz\u00e1gukat, \u00e9s 1944 \u00e1prilis\u00e1t\u00f3l t\u00f6megesen deport\u00e1lt\u00e1k a zsid\u00f3kat, Dallos Hanna 88 interj\u00fat adott, amelyekben olyan szavakat k\u00f6zvet\u00edtett, amelyekr\u0151l azt mondta, hogy nem a saj\u00e1tjai. Ezeket a szavakat Mallasz Gitta \u00e9s Strausz Lili sz\u00f3r\u00f3l sz\u00f3ra \u00e1t\u00edrta. K\u00f6z\u00fcl\u00fck h\u00e1rman, zsid\u00f3k, a deport\u00e1l\u00e1s sor\u00e1n elpusztultak.<\/p>\n<p>Az egyetlen t\u00fal\u00e9l\u0151, Gitta Mallasz, aki 1960-ban Franciaorsz\u00e1gba menek\u00fclt, nekil\u00e1tott az interj\u00fak francia nyelvre val\u00f3 leford\u00edt\u00e1s\u00e1nak. 1976-ban jelent meg az els\u0151 kiad\u00e1s, amelyet 1990-ben egy m\u00e1sodik, r\u00f6vid\u00edt\u00e9s n\u00e9lk\u00fcli kiad\u00e1s k\u00f6vetett.<\/p>\n<h4>Megjegyz\u00e9sek<\/h4>\n<ul>\n<li>L'<a href=\"https:\/\/ad-dialoguesange.org\/hu\/\" target=\"_blank\" rel=\"noopener noreferrer\">Egyes\u00fclet az angyalokkal folytatott p\u00e1rbesz\u00e9dek terjeszt\u00e9s\u00e9\u00e9rt (ADDA)<\/a> r\u00e1mutathat m\u00e1s csoportokra Franciaorsz\u00e1gban \u00e9s a vil\u00e1g minden t\u00e1j\u00e1n, akik rendszeresen tal\u00e1lkoznak valamelyik\u00fck otthon\u00e1ban, hogy felolvass\u00e1k a\u00a0<em>P\u00e1rbesz\u00e9dek az angyallal<\/em>ahogyan Mallasz Gitta is szerette volna, <a href=\"http:\/\/www.dialogues-ange.fr\/gitta_mallasz_transmission.html\">akik sz\u00e1m\u00e1ra az \u00e1tvitel elengedhetetlen volt...<\/a> Tov\u00e1bbi inform\u00e1ci\u00f3\u00e9rt forduljon a k\u00f6vetkez\u0151 c\u00edmre:\u00a0<a href=\"mailto:info@ad-dialoguesange.org\" target=\"_blank\" rel=\"noopener noreferrer\">info@ad-dialoguesange.org<\/a><\/li>\n<\/ul>\n<h4>Besz\u00e9l\u0151<\/h4>\n<div id=\"attachment_33442\" class=\"wp-caption alignleft\">\n<p><img loading=\"lazy\" decoding=\"async\" class=\"wp-image-33442 size-thumbnail\" src=\"https:\/\/acielouvertparis.org\/wp-content\/uploads\/2019\/12\/Aureli3-e1576796522330-150x150.png\" alt=\"Aur\u00e9lie Chalbos\" width=\"150\" height=\"150\" aria-describedby=\"caption-attachment-33442\" \/><\/p>\n<p id=\"caption-attachment-33442\" class=\"wp-caption-text\">Aur\u00e9lie Chalbos<\/p>\n<\/div>\n<p><strong>Aur\u00e9lie Chalbos<\/strong> holisztikus terapeuta, vezet\u0151i coach, argentin tang\u00f3t\u00e1ncos, valamint a Qi Gong \u00e9s a k\u00ednai energia gyakorl\u00f3ja, miut\u00e1n rep\u00fcl\u0151m\u00e9rn\u00f6ki karriert futott be. A<a href=\"https:\/\/acielouvertparis.org\/\" target=\"_blank\" rel=\"noopener noreferrer\">\u00c0 Ciel Ouvert - P\u00e1rizs<\/a>\u00d6sszek\u00f6ti a tudom\u00e1nyt \u00e9s a spiritualit\u00e1st, \u00e9s t\u00e1mogatja a lelkiismeretek fel\u00e9bred\u00e9s\u00e9t az egy\u00fcttm\u0171k\u00f6d\u00e9s \u00e9s az emberi \u00f6kol\u00f3gia ir\u00e1ny\u00e1ba.<\/p>\n<h4><strong>Gyakorlati inform\u00e1ci\u00f3k<\/strong><\/h4>\n<h5><u><strong>Menetrend :<\/strong><\/u><\/h5>\n<ul>\n<li>P\u00e9ntek d\u00e9lut\u00e1nonk\u00e9nt, havonta egyszer, 15:00-17:00 \u00f3ra k\u00f6z\u00f6tt.<\/li>\n<\/ul>\n<h5>\u00c1rak :<\/h5>\n<p>Ingyenes r\u00e9szv\u00e9tel, a Cit\u00e9 des Consciences-ben tartott tal\u00e1lkoz\u00f3k szervez\u00e9si k\u00f6lts\u00e9geinek, valamint az \u00c0 Ciel Ouvert TV m\u00e9dium \u00e1ltal t\u00f6rt\u00e9n\u0151 k\u00f6zvet\u00edt\u00e9s \u00e9s a vide\u00f3k k\u00e9sz\u00edt\u00e9s\u00e9nek k\u00f6lts\u00e9geinek t\u00e1mogat\u00e1sa.<\/p>\n<h5>Foglal\u00e1sok:<\/h5>\n<p>Ha szeretne regisztr\u00e1lni az esem\u00e9nyre, foglalja le hely\u00e9t most az al\u00e1bbi gombok egyik\u00e9re kattintva az esem\u00e9ny oldal\u00e1ra, majd k\u00f6vesse a regisztr\u00e1ci\u00f3hoz sz\u00fcks\u00e9ges utas\u00edt\u00e1sokat:<\/p>\n<h5>\u00c9l\u0151 online \u00c0 Ciel Ouvert TV :<\/h5>\n<p><a href=\"https:\/\/acielouvert.tv\/event\/dialogues-ange-aurelie-chalbos-23-sep-2022\/\" target=\"_blank\" rel=\"noopener\"><img loading=\"lazy\" decoding=\"async\" class=\"aligncenter wp-image-40451 size-medium\" src=\"https:\/\/acielouvert.tv\/wp-content\/uploads\/2022\/01\/ACOTV-Bouton-Inscription-Visio-512-300x65.png\" alt=\"JE M'INSCRIS EN VISIOCONF\u00c9RENCE\" width=\"300\" height=\"65\" \/><\/a><\/p>\n<h5>Szem\u00e9lyesen a Cit\u00e9 des Consciences-ben :<\/h5>\n<p><a href=\"https:\/\/lacitedesconsciences.fr\/event\/dialogues-ange-aurelie-chalbos-23-sep-2022\/\" target=\"_blank\" rel=\"noopener\"><img loading=\"lazy\" decoding=\"async\" class=\"aligncenter wp-image-45666 size-medium\" src=\"https:\/\/acielouvert.tv\/wp-content\/uploads\/2022\/01\/ACOTV-Bouton-Inscription-Presentiel-512-300x65.png\" alt=\"Je m'inscris en pr\u00e9sentiel\" width=\"300\" height=\"65\" \/><\/a><\/p>","protected":false},"excerpt":{"rendered":"<p>Az 1943-ban \u00e9s 1944-ben sz\u00e9tszak\u00edtott Eur\u00f3pa sz\u00edv\u00e9ben n\u00e9gy fiatal magyar m\u0171v\u00e9sz az igazs\u00e1got keresve olyan spiritu\u00e1lis kalandot \u00e9lt \u00e1t, amely ma is ugyanolyan aktu\u00e1lis, mint akkor, az \u00e1tmenet kor\u00e1ban. Ezeken az esteken hangos felolvas\u00e1sok v\u00e1ltakoznak medit\u00e1ci\u00f3kkal \u00e9s besz\u00e9lget\u00e9sekkel kiv\u00e1lasztott t\u00e9m\u00e1kr\u00f3l, sum\u00e9r, perzsa, egyiptomi \u00e9s kereszt\u00e9ny angyalok t\u00fcnd\u00f6kl\u0151 tekintete alatt.<\/p>","protected":false},"author":6,"featured_media":8807,"template":"","meta":{"_tribe_events_status":"","_tribe_events_status_reason":"","footnotes":""},"tags":[27,34,41,42,35],"tribe_events_cat":[37,39],"class_list":["post-8806","tribe_events","type-tribe_events","status-publish","has-post-thumbnail","hentry","tag-dialogues-avec-lange","tag-lecture","tag-meditation","tag-spiritualite","tag-visioconference","tribe_events_cat-a-la-une","tribe_events_cat-rencontres","cat_a-la-une","cat_rencontres"],"blocksy_meta":[],"brizy_media":[],"_links":{"self":[{"href":"https:\/\/ad-dialoguesange.org\/hu\/wp-json\/wp\/v2\/tribe_events\/8806","targetHints":{"allow":["GET"]}}],"collection":[{"href":"https:\/\/ad-dialoguesange.org\/hu\/wp-json\/wp\/v2\/tribe_events"}],"about":[{"href":"https:\/\/ad-dialoguesange.org\/hu\/wp-json\/wp\/v2\/types\/tribe_events"}],"author":[{"embeddable":true,"href":"https:\/\/ad-dialoguesange.org\/hu\/wp-json\/wp\/v2\/users\/6"}],"version-history":[{"count":5,"href":"https:\/\/ad-dialoguesange.org\/hu\/wp-json\/wp\/v2\/tribe_events\/8806\/revisions"}],"predecessor-version":[{"id":8811,"href":"https:\/\/ad-dialoguesange.org\/hu\/wp-json\/wp\/v2\/tribe_events\/8806\/revisions\/8811"}],"wp:featuredmedia":[{"embeddable":true,"href":"https:\/\/ad-dialoguesange.org\/hu\/wp-json\/wp\/v2\/media\/8807"}],"wp:attachment":[{"href":"https:\/\/ad-dialoguesange.org\/hu\/wp-json\/wp\/v2\/media?parent=8806"}],"wp:term":[{"taxonomy":"post_tag","embeddable":true,"href":"https:\/\/ad-dialoguesange.org\/hu\/wp-json\/wp\/v2\/tags?post=8806"},{"taxonomy":"tribe_events_cat","embeddable":true,"href":"https:\/\/ad-dialoguesange.org\/hu\/wp-json\/wp\/v2\/tribe_events_cat?post=8806"}],"curies":[{"name":"wp","href":"https:\/\/api.w.org\/{rel}","templated":true}]}}