{"id":7864,"date":"2022-01-01T20:00:09","date_gmt":"2022-01-01T19:00:09","guid":{"rendered":"https:\/\/ad-dialoguesange.org\/?post_type=tribe_events&#038;p=7864"},"modified":"2025-05-05T10:52:40","modified_gmt":"2025-05-05T08:52:40","slug":"atelier-au-forum-104-de-lecture-paratagee-autour-des-dialogues-avec-lange-marguerite-kardos","status":"publish","type":"tribe_events","link":"https:\/\/ad-dialoguesange.org\/hu\/event\/atelier-au-forum-104-de-lecture-paratagee-autour-des-dialogues-avec-lange-marguerite-kardos\/","title":{"rendered":"K\u00f6z\u00f6s olvas\u00e1s workshop a 104-es F\u00f3rumon \"P\u00e1rbesz\u00e9dek az angyallal\" - Kardos Margit"},"content":{"rendered":"<h1 style=\"text-align: center;\">K\u00f6nyv olvas\u00f3 workshop<br \/>\n\"P\u00e1rbesz\u00e9dek az angyallal<\/h1>\n<h4 style=\"text-align: center;\">h\u00e1zigazd\u00e1ja<\/h4>\n<h2 style=\"text-align: center;\">Kardos Margit<\/h2>\n<h3 style=\"text-align: center;\">Jeudi 7 avril 2022\u00a0 de 19h15 \u00e0 22h<\/h3>\n<figure id=\"attachment_39689\" aria-describedby=\"caption-attachment-39689\" style=\"width: 150px\" class=\"wp-caption alignleft\"><img loading=\"lazy\" decoding=\"async\" class=\"wp-image-39689 size-thumbnail\" src=\"https:\/\/acielouvertparis.org\/wp-content\/uploads\/2020\/11\/Marguerite_Kardos-Portrait_Home-Carre-150x150.jpg\" alt=\"Marguerite Kardos\" width=\"150\" height=\"150\" \/><figcaption id=\"caption-attachment-39689\" class=\"wp-caption-text\">Kardos Margit<\/figcaption><\/figure>\n<p class=\"brz-tp-lg-aggizvdrfbxktkstyujynkxewiazqhrrhsjs brz-text-lg-justify\" data-uniq-id=\"wyerw\" data-generated-css=\"brz-css-yweaw\">Kardos Margit havi tal\u00e1lkoz\u00f3kat vezet, hogy megossz\u00e1k \u00e9s elm\u00e9ly\u00edts\u00e9k a spiritu\u00e1lis tan\u00edt\u00e1sokat. <strong><em>P\u00e1rbesz\u00e9dek az angyallal<\/em><\/strong>\u00a0\u00e9s seg\u00edteni a r\u00e9sztvev\u0151knek, hogy ezt a mindennapokban is meg\u00e9lj\u00e9k.<\/p>\n<p class=\"brz-tp-lg-aggizvdrfbxktkstyujynkxewiazqhrrhsjs brz-text-lg-justify\" data-uniq-id=\"jwsae\" data-generated-css=\"brz-css-onntf\">A k\u00f6nyvb\u0151l val\u00f3 felolvas\u00e1st a tapogat\u00f3z\u00e1s \u00e9s az ujjong\u00e1s k\u00f6z\u00f6tt a sz\u00f6veg k\u00e9rd\u00e9seinek \u00e9s rezonanci\u00e1inak megoszt\u00e1sa k\u00f6veti, az egyes szem\u00e9lyek tapasztalatai szerint. Az angyalok tan\u00edt\u00e1sa \u00faj szemeket \u00e9s f\u00fcleket nyit meg, felt\u00e1rva \u00e9s felsz\u00ednre hozva \u00f6nmagunk m\u00e9g ismeretlen r\u00e9szeit.<\/p>\n<p><em>Rencontre ouverte \u00e0 tous<br \/>\n<\/em><\/p>\n<h4><\/h4>\n<h3><strong>Gyakorlati inform\u00e1ci\u00f3k<\/strong><\/h3>\n<ul>\n<li>Nyitva tart\u00e1s: 19.15-t\u0151l 22.00 \u00f3r\u00e1ig.<\/li>\n<li>Lieu : Salle Nymph\u00e9a au Forum 104, 104 rue de Vaugirard, 75006 PARIS<\/li>\n<li>Participation : 10 \u20ac (pour frais de location de salle)<u><strong><br \/>\n<\/strong><\/u><\/li>\n<\/ul>\n<p>&nbsp;<\/p>\n<h5><\/h5>\n<p>&nbsp;<\/p>","protected":false},"excerpt":{"rendered":"<p>Az 1943-ban \u00e9s 1944-ben sz\u00e9tszak\u00edtott Eur\u00f3pa sz\u00edv\u00e9ben n\u00e9gy fiatal magyar m\u0171v\u00e9sz az igazs\u00e1got keresve olyan spiritu\u00e1lis kalandot \u00e9lt \u00e1t, amely ma is ugyanolyan aktu\u00e1lis, mint akkor, az \u00e1tmenet kor\u00e1ban. Ezeken az esteken hangos felolvas\u00e1sok v\u00e1ltakoznak medit\u00e1ci\u00f3kkal \u00e9s besz\u00e9lget\u00e9sekkel kiv\u00e1lasztott t\u00e9m\u00e1kr\u00f3l, sum\u00e9r, perzsa, egyiptomi \u00e9s kereszt\u00e9ny angyalok t\u00fcnd\u00f6kl\u0151 tekintete alatt.<\/p>","protected":false},"author":6,"featured_media":7548,"template":"","meta":{"_tribe_events_status":"","_tribe_events_status_reason":"","footnotes":""},"tags":[27,34,33,41,42],"tribe_events_cat":[37,39],"class_list":["post-7864","tribe_events","type-tribe_events","status-publish","has-post-thumbnail","hentry","tag-dialogues-avec-lange","tag-lecture","tag-marguerite-kardos","tag-meditation","tag-spiritualite","tribe_events_cat-a-la-une","tribe_events_cat-rencontres","cat_a-la-une","cat_rencontres"],"blocksy_meta":[],"brizy_media":[],"_links":{"self":[{"href":"https:\/\/ad-dialoguesange.org\/hu\/wp-json\/wp\/v2\/tribe_events\/7864","targetHints":{"allow":["GET"]}}],"collection":[{"href":"https:\/\/ad-dialoguesange.org\/hu\/wp-json\/wp\/v2\/tribe_events"}],"about":[{"href":"https:\/\/ad-dialoguesange.org\/hu\/wp-json\/wp\/v2\/types\/tribe_events"}],"author":[{"embeddable":true,"href":"https:\/\/ad-dialoguesange.org\/hu\/wp-json\/wp\/v2\/users\/6"}],"version-history":[{"count":2,"href":"https:\/\/ad-dialoguesange.org\/hu\/wp-json\/wp\/v2\/tribe_events\/7864\/revisions"}],"predecessor-version":[{"id":7870,"href":"https:\/\/ad-dialoguesange.org\/hu\/wp-json\/wp\/v2\/tribe_events\/7864\/revisions\/7870"}],"wp:featuredmedia":[{"embeddable":true,"href":"https:\/\/ad-dialoguesange.org\/hu\/wp-json\/wp\/v2\/media\/7548"}],"wp:attachment":[{"href":"https:\/\/ad-dialoguesange.org\/hu\/wp-json\/wp\/v2\/media?parent=7864"}],"wp:term":[{"taxonomy":"post_tag","embeddable":true,"href":"https:\/\/ad-dialoguesange.org\/hu\/wp-json\/wp\/v2\/tags?post=7864"},{"taxonomy":"tribe_events_cat","embeddable":true,"href":"https:\/\/ad-dialoguesange.org\/hu\/wp-json\/wp\/v2\/tribe_events_cat?post=7864"}],"curies":[{"name":"wp","href":"https:\/\/api.w.org\/{rel}","templated":true}]}}