{"id":11462,"date":"2022-03-01T20:00:09","date_gmt":"2022-03-01T19:00:09","guid":{"rendered":"https:\/\/ad-dialoguesange.org\/?post_type=tribe_events&#038;p=11462"},"modified":"2025-05-05T10:52:37","modified_gmt":"2025-05-05T08:52:37","slug":"relais-lecture-dialogues-avec-lange-fevrier-2024","status":"publish","type":"tribe_events","link":"https:\/\/ad-dialoguesange.org\/hu\/event\/relais-lecture-dialogues-avec-lange-fevrier-2024\/","title":{"rendered":"Staf\u00e9ta - A \"P\u00e1rbesz\u00e9dek az angyallal\" felolvas\u00e1sa"},"content":{"rendered":"<h1 style=\"text-align: center\"><\/h1>\n<h1 style=\"text-align: center\">Relais-Lecture de<br \/>\n\"P\u00e1rbesz\u00e9dek az angyallal<\/h1>\n<h2 style=\"text-align: center\"><span style=\"color: #0000ff\">2024. febru\u00e1r 2-3-4-i h\u00e9tv\u00e9ge<br \/>\n<\/span><\/h2>\n<div id=\"\" class=\"brz-css-gUZWJ brz-wrapper\">\n<div class=\"brz-rich-text brz-rich-text__custom brz-css-yGzvb\" data-brz-custom-id=\"xziehqenoaljbyfqtaydtnuebbpcnskqeuvt\">\n<div data-brz-translate-text=\"1\">\n<p class=\"brz-tp-lg-pxzeqaatiofegjaikbrrdxbfylsgtypuugwy brz-text-lg-center brz-css-mhk9F\" style=\"text-align: center\" data-uniq-id=\"mwjzq\" data-generated-css=\"brz-css-zwyte\"><strong><span class=\"brz-cp-color4\" style=\"color: #800080\">\u00ab\u00a0L\u2019ENSEIGNEMENT EST PAROLE,<\/span><\/strong><\/p>\n<p class=\"brz-tp-lg-pxzeqaatiofegjaikbrrdxbfylsgtypuugwy brz-text-lg-center brz-css-nshoa\" style=\"text-align: center\" data-uniq-id=\"fbpjw\" data-generated-css=\"brz-css-oulyh\"><strong><span class=\"brz-cp-color4\" style=\"color: #800080\">\u00c9S A SZ\u00d3 IZZ\u00d3V\u00c1 V\u00c1LIK<\/span><\/strong><\/p>\n<p class=\"brz-tp-lg-pxzeqaatiofegjaikbrrdxbfylsgtypuugwy brz-text-lg-center brz-css-vFvQH\" style=\"text-align: center\" data-generated-css=\"brz-css-cpgkq\" data-uniq-id=\"lgbzw\"><strong><span class=\"brz-cp-color4\" style=\"color: #800080\">SI VOS L\u00c8VRES LA PRONONCENT.\u00a0\u00bb [E87]<\/span><\/strong><\/p>\n<p class=\"text-build-content\" style=\"text-align: center\" data-testid=\"RQEgiKwiQCifBZ0u2k5Rx\">Pour r\u00e9pondre \u00e0 l&rsquo;invitation de Gitta dans son testament:<\/p>\n<p class=\"text-build-content\" style=\"text-align: center\" data-testid=\"RQEgiKwiQCifBZ0u2k5Rx\"><em><strong><span style=\"color: #800080\">\u00ab\u00a0Par contre tout est vivifi\u00e9 , si quelqu&rsquo;un lit \u00e0 haute voix la parole de l&rsquo;Ange &#8230;\u00a0\u00bb<\/span><\/strong><\/em><\/p>\n<\/div>\n<\/div>\n<div class=\"brz-rich-text brz-rich-text__custom brz-css-yGzvb\" data-brz-custom-id=\"xziehqenoaljbyfqtaydtnuebbpcnskqeuvt\">\n<div data-brz-translate-text=\"1\">\n<h3 style=\"text-align: center\" data-testid=\"RQEgiKwiQCifBZ0u2k5Rx\"><span style=\"color: #0000ff\">Un week-end pour lire l&rsquo;ensemble des 88 entretiens de \u00ab\u00a0Dialogues avec l\u2019Ange\u00a0\u00bb<\/span><br \/>\n<span style=\"color: #0000ff\">a h\u00edr terjeszt\u00e9se Franciaorsz\u00e1gban \u00e9s a vil\u00e1g t\u00f6bbi r\u00e9sz\u00e9n.<\/span><br \/>\n<span style=\"color: #0000ff\">franci\u00e1ul vagy az \u00d6n nyelv\u00e9n.<\/span><\/h3>\n<h3 class=\"text-build-content\" data-testid=\"RQEgiKwiQCifBZ0u2k5Rx\"><strong>Megh\u00edvjuk \u00d6nt, hogy vegyen r\u00e9szt ezen az esem\u00e9nyen:<\/strong><\/h3>\n<ul>\n<li class=\"text-build-content\" data-testid=\"RQEgiKwiQCifBZ0u2k5Rx\">Comme lecteur ( seulement audio) d\u2019un entretien par visioconf\u00e9rence ou en pr\u00e9sentiel dans un lieu sur Paris 7e en s&rsquo;inscrivant sur un cr\u00e9neau horaire (voir le <a href=\"https:\/\/drive.google.com\/file\/d\/1SRbOd7rNh95yW2xiRoJ_S6KtJadfqAJS\/view?usp=drive_link\"><strong><span style=\"color: #3366ff\">\u00fctemterv<\/span><\/strong><\/a>).<\/li>\n<li class=\"text-build-content\" data-testid=\"RQEgiKwiQCifBZ0u2k5Rx\">\u00dcdv\u00f6z\u00f6lj\u00fck ezt a tan\u00edt\u00e1st azzal, hogy otthonr\u00f3l hallgatjuk az olvas\u00f3csatorna \u00e9l\u0151 k\u00f6zvet\u00edt\u00e9s\u00e9t.<\/li>\n<\/ul>\n<h3 class=\"text-build-content\" data-testid=\"RQEgiKwiQCifBZ0u2k5Rx\"><span style=\"color: #800080\"><strong>Inscrivez-vous pour participer de l&rsquo;une et\/ou l&rsquo;autre des 3 mani\u00e8res <\/strong><\/span><strong><span style=\"color: #800080\"><br \/>\n=&gt; L\u00e1sd al\u00e1bb<\/span><\/strong><\/h3>\n<h3 class=\"text-build-content\" data-testid=\"RQEgiKwiQCifBZ0u2k5Rx\">Horaires de l&rsquo;\u00e9v\u00e8nement<\/h3>\n<\/div>\n<\/div>\n<\/div>\n<ul>\n<li>Febru\u00e1r 2., p\u00e9ntek 15:00-10:30-ig<\/li>\n<li>Febru\u00e1r 3., szombat reggel 8 \u00f3r\u00e1t\u00f3l este 10.30-ig<\/li>\n<li>Febru\u00e1r 4., vas\u00e1rnap 8 \u00f3r\u00e1t\u00f3l 19.30 \u00f3r\u00e1ig<\/li>\n<\/ul>\n<h2>Tanfolyam<\/h2>\n<p>A t\u00e1bl\u00e1zat <a href=\"https:\/\/drive.google.com\/file\/d\/1SRbOd7rNh95yW2xiRoJ_S6KtJadfqAJS\/view?usp=sharing\"><strong>planning de l&rsquo;\u00e9v\u00e8nement<\/strong> <\/a>(amelyet sz\u00edveskedjenek \u00e1ttanulm\u00e1nyozni) a 88 interj\u00fa felolvas\u00e1s\u00e1t a h\u00e1rom nap alatt 2 \u00f3r\u00e1s ciklusokban osztja el.<br \/>\nMinden interj\u00fa elolvas\u00e1sa k\u00f6r\u00fclbel\u00fcl 12 percet vesz ig\u00e9nybe, azaz \u00f3r\u00e1nk\u00e9nt 5 interj\u00fa.<br \/>\n(88 interj\u00fa 130 felolvas\u00e1st jelent, k\u00fcl\u00f6n-k\u00fcl\u00f6n sz\u00e1molva Gitt\u00e1t, Lilit, Hann\u00e1t \u00e9s J\u00f3zsefet).<\/p>\n<p>15 perccel a tervezett id\u0151pont el\u0151tt a regisztr\u00e1lt felolvas\u00f3 bel\u00e9p egy videokonferenciaterembe, ahol a h\u00e1zigazda felk\u00e9ri \u0151t, hogy a megfelel\u0151 id\u0151pontban olvasson fel.<br \/>\nCsak a hangot k\u00f6zvet\u00edtik \u00e9l\u0151ben. Az egyes lej\u00e1tsz\u00e1sok k\u00f6z\u00f6tt zene ker\u00fcl beilleszt\u00e9sre.<\/p>\n<p>Az \u00e9l\u0151 vide\u00f3 egy \u00e1ll\u00f3k\u00e9pekb\u0151l \u00e1ll\u00f3 diavet\u00edt\u00e9st jelen\u00edt meg, a lej\u00e1tsz\u00e1s sor\u00e1n a lej\u00e1tszott interj\u00fara val\u00f3 hivatkoz\u00e1ssal, a zenei bet\u00e9t alatt pedig a k\u00f6vetkez\u0151 lej\u00e1tszand\u00f3 interj\u00fara val\u00f3 hivatkoz\u00e1ssal.<br \/>\nA sz\u00fcnetekben zene sz\u00f3l, \u00e9s bemondj\u00e1k az \u00fajrakezd\u00e9s id\u0151pontj\u00e1t.<\/p>\n<p>A videokonferenciateremet egy 2 f\u0151s facilit\u00e1torokb\u00f3l \u00e1ll\u00f3 csapat fogja ir\u00e1ny\u00edtani:<\/p>\n<ul>\n<li>Az 1. h\u00e1zigazda felel a felolvas\u00f3k \u00fcdv\u00f6zl\u00e9s\u00e9\u00e9rt, a mikrofonok megnyit\u00e1s\u00e1\u00e9rt \u00e9s bez\u00e1r\u00e1s\u00e1\u00e9rt, a felolvas\u00e1sok sorrendj\u00e9\u00e9rt \u00e9s az \u00e9l\u0151ben lej\u00e1tszand\u00f3 bet\u00e9tzen\u00e9\u00e9rt.<\/li>\n<li>A 2. gazdi tarthatja a macsk\u00e1t.<\/li>\n<\/ul>\n<h2>Olvas\u00f3i elk\u00f6telezetts\u00e9g<\/h2>\n<p>Az olvas\u00f3k egym\u00e1sut\u00e1nj\u00e1t el\u0151re megtervezz\u00fck.<br \/>\nHa interj\u00fat szeretne olvasni, k\u00e9rj\u00fck, regisztr\u00e1ljon (l\u00e1sd az al\u00e1bbi \u0171rlapot).<br \/>\nA megjelen\u00e9s id\u0151pontj\u00e1t \u00e9s a felolvasand\u00f3 interj\u00fa id\u0151pontj\u00e1t az \u00e1ltaluk jelzett el\u00e9rhet\u0151s\u00e9g \u00e9s az esetlegesen fennmarad\u00f3 bet\u00f6ltetlen helyek alapj\u00e1n hat\u00e1rozz\u00e1k meg.<\/p>\n<p>Az olvas\u00f3k teh\u00e1t az interj\u00fat egy vagy t\u00f6bb alkalommal is elolvashatj\u00e1k, hogy felk\u00e9sz\u00fcljenek.<br \/>\nAz olvas\u00f3knak lassan, nyugodt helyen kell olvasniuk.<\/p>\n<p>Ha a felolvas\u00f3 nem jelenik meg a megadott id\u0151n bel\u00fcl, az interj\u00fat egy \"tartal\u00e9kos\" olvas\u00f3 olvassa fel.<\/p>\n<h2>Technikai er\u0151forr\u00e1sok<\/h2>\n<p>Informatikai ismeretekkel rendelkez\u0151 embereket keres\u00fcnk a videokonferenciateremb\u0151l t\u00f6rt\u00e9n\u0151 \u00e9l\u0151 k\u00f6zvet\u00edt\u00e9shez.<\/p>\n<h2><span style=\"color: #800080\">R\u00e9szv\u00e9tel a Dial\u00f3gusok felolvas\u00f3 v\u00e1lt\u00f3versenyen egy h\u00e9tv\u00e9g\u00e9n kereszt\u00fcl<\/span><\/h2>\n<ul>\n<li><strong>Si vous souhaitez participer seulement en \u00e9coutant sur internet, inscrivez-vous ci-dessous \u00e0 la lettre d&rsquo;information.<\/strong><\/li>\n<li><strong>Si vous souhaitez participer activement \u00e0 cette proclamation des Dialogues pour notre monde d&rsquo;aujourd&rsquo;hui,<\/strong><br \/>\n<strong>k\u00f6sz\u00f6nj\u00fck, hogy az al\u00e1bbi \u0171rlap visszak\u00fcld\u00e9s\u00e9vel regisztr\u00e1ltak.<\/strong>t\u00a0<a href=\"https:\/\/ad-dialoguesange.org\/wp-content\/uploads\/2024\/01\/Formulaire-Participation-Relai-lecture-des-Dialogues4.pdf\"><span style=\"color: #3366ff\"><strong> ezt a formanyomtatv\u00e1nyt:<\/strong><\/span><\/a><\/li>\n<\/ul>\n<p>N\u00c9V :             ______________________________________________________________________<\/p>\n<p>Keresztn\u00e9v :          ______________________________________________________________________<\/p>\n<p>E-mail c\u00edm (k\u00e9rj\u00fck, nyomtassa ki):__________________________________________________________<\/p>\n<p>Telefon:      ______________________________________________________________________<\/p>\n<ul>\n<li>vide\u00f3felolvas\u00f3k\u00e9nt szeretne r\u00e9szt venni, \u00e9s a k\u00f6vetkez\u0151 ciklusid\u0151szakokban \u00e1llna rendelkez\u00e9sre\u00a0\u00a0\u00a0 <strong><span style=\"color: #0000ff\"><a style=\"color: #0000ff\" href=\"https:\/\/drive.google.com\/file\/d\/1SRbOd7rNh95yW2xiRoJ_S6KtJadfqAJS\/view?usp=drive_link\">[se reporter au planning de l&rsquo;\u00e9v\u00e8nement)]<\/a><\/span><span style=\"color: #3366ff\">:<br \/>\n<\/span><\/strong><span style=\"color: #3366ff\"><span style=\"color: #000000\">(Az 1-14. sz\u00e1mot k\u00e9rj\u00fck, jel\u00f6lje meg az \u00f6sszes lehet\u0151s\u00e9get (*): _________________ (az \u00d6nnek kiosztott r\u00e9sid\u0151t elk\u00fcldj\u00fck \u00d6nnek az olvas\u00e1shoz sz\u00fcks\u00e9ges bejelentkez\u00e9si \u00fatmutat\u00f3val egy\u00fctt).<\/span><\/span><\/li>\n<li>Szem\u00e9lyes felolvas\u00f3k\u00e9nt szeretne r\u00e9szt venni a Paris 7e-ben a ciklusban <strong><a href=\"https:\/\/drive.google.com\/file\/d\/1SRbOd7rNh95yW2xiRoJ_S6KtJadfqAJS\/view?usp=drive_link\"><span style=\"color: #3366ff\">[se reporter au planning de l&rsquo;\u00e9v\u00e8nement)]<\/span><\/a>:<\/strong><br \/>\n(1-14. sz.: a tanfolyam 2 \u00f3r\u00e1j\u00e1n val\u00f3 r\u00e9szv\u00e9tel v\u00e1llal\u00e1sa): _________________ (a pontos helysz\u00ednt visszak\u00fcldj\u00fck \u00d6nnek).<\/li>\n<li>Felaj\u00e1nlja, hogy seg\u00edt megszervezni az olvas\u00f3k l\u00e1togat\u00e1s\u00e1t az \u00e9l\u0151 szob\u00e1ban vagy a videokonferenciateremben val\u00f3 besz\u00e9lget\u00e9st.<\/li>\n<\/ul>\n<p>(*), hogy rugalmasan szervezhess\u00fck meg \u00e9s t\u00f6lthess\u00fck ki az \u00f6sszes felolvas\u00f3helyet, mindenki el\u00e9rhet\u0151s\u00e9geinek megfelel\u0151en.<\/p>\n<p><strong><span style=\"color: #800080\">vissza kell k\u00fcldeni:<\/span><\/strong><\/p>\n<ul>\n<li>postai \u00faton a k\u00f6vetkez\u0151 c\u00edmre <a href=\"mailto:info@ad-dialoguesange.org\">info@ad-dialoguesange.org<\/a> vagy<\/li>\n<li>postai \u00faton a k\u00f6vetkez\u0151 c\u00edmre: Bernard P\u00e9lissonnier 45 rue Mazi\u00e8re 78180 Montigny-le-Bretonneux<\/li>\n<li>telefonon, ha tov\u00e1bbi inform\u00e1ci\u00f3ra van sz\u00fcks\u00e9ge a 06 50 39 31 08-as telefonsz\u00e1mon (Bernard P\u00e9lissonnier).<\/li>\n<\/ul>\n<div style=\"background-color: #ffffff;border: 1px solid;padding: 1px 20px 1px 20px\">\n<h3 style=\"text-align: center\"><span style=\"color: #800080\">Az esem\u00e9ny meghallgat\u00e1sa az interneten,<br \/>\nles liens d&rsquo;acc\u00e8s \u00e0 cet \u00e9v\u00e8nement seront transmis fin janvier<br \/>\npar la lettre d&rsquo;information.<\/span><\/h3>\n<h3 style=\"text-align: center\"><span style=\"color: #800080\">Pour s&rsquo;inscrire \u00e0 la lettre d&rsquo;information<br \/>\n<\/span><\/h3>\n<p><a href=\"\/hu\/newsletter\/\"><img loading=\"lazy\" decoding=\"async\" class=\"aligncenter wp-image-40451 size-medium\" src=\"https:\/\/ad-dialoguesange.org\/wp-content\/uploads\/2021\/11\/ADDA-Bouton-Inscription-512-300x65-1.png\" alt=\"JE M'INSCRIS\" width=\"300\" height=\"65\" \/><\/a><\/p>\n<\/div>","protected":false},"excerpt":{"rendered":"<p>Un weekend pour lire l&rsquo;ensemble des 88 entretiens de \u00ab\u00a0Dialogues avec l\u2019Ange\u00a0\u00bb en nous relayant partout en France et de par le monde en fran\u00e7ais ou dans les langues de chacun. <\/p>","protected":false},"author":6,"featured_media":11463,"template":"","meta":{"_tribe_events_status":"","_tribe_events_status_reason":"","footnotes":""},"tags":[27,34,33,41,42,35],"tribe_events_cat":[37,39],"class_list":["post-11462","tribe_events","type-tribe_events","status-publish","has-post-thumbnail","hentry","tag-dialogues-avec-lange","tag-lecture","tag-marguerite-kardos","tag-meditation","tag-spiritualite","tag-visioconference","tribe_events_cat-a-la-une","tribe_events_cat-rencontres","cat_a-la-une","cat_rencontres"],"blocksy_meta":[],"brizy_media":[],"_links":{"self":[{"href":"https:\/\/ad-dialoguesange.org\/hu\/wp-json\/wp\/v2\/tribe_events\/11462","targetHints":{"allow":["GET"]}}],"collection":[{"href":"https:\/\/ad-dialoguesange.org\/hu\/wp-json\/wp\/v2\/tribe_events"}],"about":[{"href":"https:\/\/ad-dialoguesange.org\/hu\/wp-json\/wp\/v2\/types\/tribe_events"}],"author":[{"embeddable":true,"href":"https:\/\/ad-dialoguesange.org\/hu\/wp-json\/wp\/v2\/users\/6"}],"version-history":[{"count":47,"href":"https:\/\/ad-dialoguesange.org\/hu\/wp-json\/wp\/v2\/tribe_events\/11462\/revisions"}],"predecessor-version":[{"id":11635,"href":"https:\/\/ad-dialoguesange.org\/hu\/wp-json\/wp\/v2\/tribe_events\/11462\/revisions\/11635"}],"wp:featuredmedia":[{"embeddable":true,"href":"https:\/\/ad-dialoguesange.org\/hu\/wp-json\/wp\/v2\/media\/11463"}],"wp:attachment":[{"href":"https:\/\/ad-dialoguesange.org\/hu\/wp-json\/wp\/v2\/media?parent=11462"}],"wp:term":[{"taxonomy":"post_tag","embeddable":true,"href":"https:\/\/ad-dialoguesange.org\/hu\/wp-json\/wp\/v2\/tags?post=11462"},{"taxonomy":"tribe_events_cat","embeddable":true,"href":"https:\/\/ad-dialoguesange.org\/hu\/wp-json\/wp\/v2\/tribe_events_cat?post=11462"}],"curies":[{"name":"wp","href":"https:\/\/api.w.org\/{rel}","templated":true}]}}