{"id":11155,"date":"2023-10-01T20:00:09","date_gmt":"2023-10-01T18:00:09","guid":{"rendered":"https:\/\/ad-dialoguesange.org\/?post_type=tribe_events&#038;p=11155"},"modified":"2025-05-05T10:52:38","modified_gmt":"2025-05-05T08:52:38","slug":"dialogues-ange-bethanie-decembre-2023","status":"publish","type":"tribe_events","link":"https:\/\/ad-dialoguesange.org\/hu\/event\/dialogues-ange-bethanie-decembre-2023\/","title":{"rendered":"Minden \u00e1tmenet egy teszt - Kardos Margit"},"content":{"rendered":"<section id=\"vlqbgkxaiartqfvycxyehnkdzhytgcjlhxql\" class=\"brz-section brz-css-wqogc\" data-uid=\"vlqbgkxaiartqfvycxyehnkdzhytgcjlhxql\">\n<div class=\"brz-section__content brz-section--boxed brz-css-ibqjr brz-css-sbymy\" data-custom-id=\"nusfhiwmqulqxgfmjopqeozxggbnfvuskyua\">\n<div class=\"brz-container brz-css-qtqxh\">\n<div class=\"brz-css-rvjjy brz-wrapper\">\n<div class=\"brz-wp-post-content brz-css-ptqgh\" data-custom-id=\"vfzbvgpfnxhkxzdfhfxzlknphtqknhsbghsf\">\n<div>\n<h1 style=\"text-align: center\">\"Minden \u00e1tmenet egy teszt<\/h1>\n<h2 style=\"text-align: center\">M\u0171helymunka Kardos Marguerite-tel<\/h2>\n<h4 style=\"text-align: center\">2023. december 2., szombat \u00e9s 3., vas\u00e1rnap k\u00f6z\u00f6tt<\/h4>\n<h5 style=\"text-align: center\">A B\u00e9thanie k\u00f6zpontban (Moselle)<\/h5>\n<p>Az 1943-ban \u00e9s 1944-ben sz\u00e9tszak\u00edtott Eur\u00f3pa sz\u00edv\u00e9ben n\u00e9gy fiatal magyar m\u0171v\u00e9sz az igazs\u00e1got keresve olyan szellemi kalandot \u00e9l \u00e1t, amely ma is ugyanolyan aktu\u00e1lis, mint akkor, a mi \u00e1tmeneti korunkban.<\/p>\n<p>A hangos felolvas\u00e1sok medit\u00e1ci\u00f3kkal \u00e9s besz\u00e9lget\u00e9sekkel v\u00e1ltakoznak a sum\u00e9r, perzsa, egyiptomi \u00e9s kereszt\u00e9ny hagyom\u00e1nyok angyalainak szemk\u00e1pr\u00e1ztat\u00f3 tekintet\u00e9b\u0151l kiv\u00e1lasztott t\u00e9m\u00e1kr\u00f3l, a b\u0151s\u00e9ges ikonogr\u00e1fi\u00e1nak k\u00f6sz\u00f6nhet\u0151en.<\/p>\n<p>Az Angyal csendes \u00e9s \"fert\u0151z\u0151\" jelenl\u00e9t\u00e9nek titk\u00e1ban \u00e1talakul\u00e1s megy v\u00e9gbe. Hagyjuk, hogy a csend, a metamorf\u00f3zis \u0151rz\u0151je tegye a dolg\u00e1t, \u00e9s kock\u00e1ztassuk meg az \"ugr\u00e1st az ismeretlenbe\"!<\/p>\n<p><em>Mindenki sz\u00e1m\u00e1ra nyitva \u00e1ll, a rendelkez\u00e9sre \u00e1ll\u00e1s f\u00fcggv\u00e9ny\u00e9ben<\/em><\/p>\n<h4>Hangsz\u00f3r\u00f3k<\/h4>\n<div id=\"attachment_32705\" class=\"wp-caption alignleft\"><img loading=\"lazy\" decoding=\"async\" class=\"size-medium wp-image-32705\" src=\"http:\/\/acielouvertparis.org\/wp-content\/uploads\/2019\/08\/marguerite-kardos-noir-blanc-245x300.jpg\" alt=\"Marguerite Kardos\" width=\"245\" height=\"300\" aria-describedby=\"caption-attachment-32705\" \/><\/p>\n<p id=\"caption-attachment-32705\" class=\"wp-caption-text\">Kardos Margit<\/p>\n<\/div>\n<p class=\"brz-tp-paragraph brz-mb-lg-4 brz-text-lg-justify\"><span class=\"brz-cp-color7\"><strong>Kardos Margit<\/strong> nyelv\u00e9sz \u00e9s orientalista, szakter\u00fclete a sumer \u00e9s a szent gy\u00f3gyszerek. Hagyom\u00e1nyos k\u00ednai energiaterapeuta \u00e9s gyakorl\u00f3, valamint a SUME aleln\u00f6ke.<a href=\"https:\/\/www.association-a-ciel-ouvert.org\/\" target=\"_blank\" rel=\"noopener noreferrer\">\u00c0 Ciel Ouvert - Les chemins de la sagesse\" egyetem.\u00a0<\/a><\/span><\/p>\n<p class=\"brz-tp-paragraph brz-mb-lg-4 brz-text-lg-justify\"><span class=\"brz-cp-color7\">Magyar sz\u00e1rmaz\u00e1s\u00fa, Mallasz Gitta k\u00f6zeli bar\u00e1tja, az egyes\u00fclet eln\u00f6ke. <a href=\"https:\/\/ad-dialoguesange.org\/hu\/\" target=\"_blank\" rel=\"noopener noreferrer\">ADDA<\/a> amely elosztja <em>az angyal v\u00e1laszol<\/em>.<\/span><\/p>\n<h4><strong>Gyakorlati inform\u00e1ci\u00f3k<\/strong><\/h4>\n<div>\n<h5><u><strong>Menetrend :<\/strong><\/u><\/h5>\n<p>2 napos tanfolyam december 2-\u00e1n, szombaton 9 \u00f3r\u00e1t\u00f3l 2023. december 3-\u00e1n, vas\u00e1rnap 16.30 \u00f3r\u00e1ig.<\/p>\n<h5><u><strong>\u00c1rak :<\/strong><\/u><\/h5>\n<ul>\n<li><span id=\"ctl00_i_cphContenu_i_ucContenuPage_i_dlContenu_ctl00_ctl00_i_tcProgramme_i_tbPrix_i_rptTarifs_ctl01_i_lblTarif\">T\u00e1mogat\u00e1si kulcs (a kedvezm\u00e9nyes \u00e9s ifj\u00fas\u00e1gi ad\u00f3kulcsok t\u00e1mogat\u00e1s\u00e1ra): 336 EUR<\/span><\/li>\n<li>Alap\u00e1r: 280 \u20ac<\/li>\n<li>Kedvezm\u00e9nyes \u00e1r (fiatalok \u00e9s alacsony k\u00f6lts\u00e9gvet\u00e9s\u0171ek): 224 \u20ac<\/li>\n<\/ul>\n<h5><u><strong>Helysz\u00edn:<\/strong><\/u><\/h5>\n<p>Notre-Dame \u00e9s Saint-Thi\u00e9bault perjels\u00e9g, 57680 Gorze<\/p>\n<div>\n<h5><strong><u>Foglal\u00e1sok:<\/u><\/strong><\/h5>\n<p>L\u00e1sd <a href=\"https:\/\/centre-bethanie.org\/wp-content\/uploads\/2022\/12\/Depliant-Bethanie-2023-2.pdf\" target=\"_blank\" rel=\"noopener noreferrer\">a 2023-as \u00e9vad r\u00e9szletes programja a Centre B\u00e9thanie weboldal\u00e1n<\/a>.<\/p>\n<\/div>\n<\/div>\n<\/div>\n<\/div>\n<\/div>\n<\/div>\n<\/div>\n<\/section>","protected":false},"excerpt":{"rendered":"<p>A sz\u00e9tszak\u00edtott Eur\u00f3pa sz\u00edv\u00e9ben, 1943-ban \u00e9s 1944-ben n\u00e9gy fiatal magyar m\u0171v\u00e9sz az igazs\u00e1got keresve olyan szellemi kalandot \u00e9l \u00e1t, amely ma, az \u00e1tmenet idej\u00e9n is \u00e9get\u0151 sz\u00e1munkra. Az Angyal csendes \u00e9s \"rag\u00e1lyos\" jelenl\u00e9t\u00e9nek titk\u00e1ban \u00e1talakul\u00e1s megy v\u00e9gbe. Engedj\u00fck, hogy a csend, a metamorf\u00f3zis \u0151rz\u0151je megtegye a hat\u00e1s\u00e1t, \u00e9s kock\u00e1ztassuk meg az \"ugr\u00e1st az ismeretlenbe\"!<\/p>","protected":false},"author":6,"featured_media":0,"template":"","meta":{"_tribe_events_status":"","_tribe_events_status_reason":"","footnotes":""},"tags":[27,34,33,41,42],"tribe_events_cat":[37,38],"class_list":["post-11155","tribe_events","type-tribe_events","status-publish","hentry","tag-dialogues-avec-lange","tag-lecture","tag-marguerite-kardos","tag-meditation","tag-spiritualite","tribe_events_cat-a-la-une","tribe_events_cat-stages","cat_a-la-une","cat_stages"],"blocksy_meta":[],"brizy_media":[],"_links":{"self":[{"href":"https:\/\/ad-dialoguesange.org\/hu\/wp-json\/wp\/v2\/tribe_events\/11155","targetHints":{"allow":["GET"]}}],"collection":[{"href":"https:\/\/ad-dialoguesange.org\/hu\/wp-json\/wp\/v2\/tribe_events"}],"about":[{"href":"https:\/\/ad-dialoguesange.org\/hu\/wp-json\/wp\/v2\/types\/tribe_events"}],"author":[{"embeddable":true,"href":"https:\/\/ad-dialoguesange.org\/hu\/wp-json\/wp\/v2\/users\/6"}],"version-history":[{"count":2,"href":"https:\/\/ad-dialoguesange.org\/hu\/wp-json\/wp\/v2\/tribe_events\/11155\/revisions"}],"predecessor-version":[{"id":11157,"href":"https:\/\/ad-dialoguesange.org\/hu\/wp-json\/wp\/v2\/tribe_events\/11155\/revisions\/11157"}],"wp:attachment":[{"href":"https:\/\/ad-dialoguesange.org\/hu\/wp-json\/wp\/v2\/media?parent=11155"}],"wp:term":[{"taxonomy":"post_tag","embeddable":true,"href":"https:\/\/ad-dialoguesange.org\/hu\/wp-json\/wp\/v2\/tags?post=11155"},{"taxonomy":"tribe_events_cat","embeddable":true,"href":"https:\/\/ad-dialoguesange.org\/hu\/wp-json\/wp\/v2\/tribe_events_cat?post=11155"}],"curies":[{"name":"wp","href":"https:\/\/api.w.org\/{rel}","templated":true}]}}